{"id":178,"date":"2013-09-26T17:21:44","date_gmt":"2013-09-26T16:21:44","guid":{"rendered":"http:\/\/taekwondoazursport.com\/?page_id=178"},"modified":"2013-09-26T17:32:43","modified_gmt":"2013-09-26T16:32:43","slug":"mikael-meloul","status":"publish","type":"page","link":"http:\/\/taekwondoazursport.com\/?page_id=178","title":{"rendered":"Mika\u00ebl MELOUL"},"content":{"rendered":"<p style=\"text-align: justify;\"><img loading=\"lazy\" decoding=\"async\" class=\"size-medium wp-image-181 alignleft\" alt=\"Mikael---profs\" src=\"http:\/\/taekwondoazursport.com\/wp-content\/uploads\/2013\/09\/Mikael-profs-200x300.jpg\" width=\"200\" height=\"300\" srcset=\"http:\/\/taekwondoazursport.com\/wp-content\/uploads\/2013\/09\/Mikael-profs-200x300.jpg 200w, http:\/\/taekwondoazursport.com\/wp-content\/uploads\/2013\/09\/Mikael-profs.jpg 480w\" sizes=\"auto, (max-width: 200px) 100vw, 200px\" \/><strong>BIOGRAPHIE<\/strong><\/p>\n<p style=\"text-align: justify;\">Le 2 avril 1973, sur les bords de la grande bleue Mikael Meloul voit le jour \u00e0 Nice. Dans la premi\u00e8re partie de son enfance, c\u2019est un gar\u00e7on plein de vie, parfois turbulent\u2026<br \/>\nSon p\u00e8re le dirige vers un art martial Japonais \u00e0 l\u2019\u00e2ge de 6 ans. Avec le go\u00fbt du combat et de l\u2019affrontement, il remportera divers tournois, assur\u00e9ment, c\u2019est un dou\u00e9 !<br \/>\nMais son professeur quitte la r\u00e9gion, Mikael laisse de cot\u00e9 le karat\u00e9 pour faire du football o\u00f9 il passera plusieurs saisons en tant avant-centre au Cavigal et \u00e0 l\u2019OGC Nice.<br \/>\nMais voil\u00e0, \u00e0 11 ans, les coups de pied au foot ne l\u2019emballent plus, il pr\u00e9f\u00e8re la dualit\u00e9, comme son fr\u00e8re a\u00een\u00e9 Lionel se lancent dans le \u00ab TAEKWONDO \u00bb. L\u2019aventure humaine peut commencer !!!<\/p>\n<p style=\"text-align: justify;\">Mikael Meloul commence la pratique du taekwondo en 1984, anim\u00e9 par un r\u00eave : devenir un jour le premier Fran\u00e7ais champion du monde.<br \/>\nEntra\u00een\u00e9 par son fr\u00e8re Lionel, Mikael devient \u00e0 14 ans le plus jeune ceinture noire officielle f\u00e9d\u00e9rale de France et dans la foul\u00e9e champion de France juniors alors qu\u2019il est encore cadet.(seul surclassement lors des championnats de France de 1989). Il encha\u00eene avec des victoires durant les 3 saisons cons\u00e9cutives, le titre national lui appartient !<br \/>\nEn 1990 Mikael ponctue sa p\u00e9riode junior par une s\u00e9rie de victoire en open internationaux mais surtout par une m\u00e9daille de bronze aux championnats d\u2019Europe \u00e0 Aarhus au Danemark apr\u00e8s un arbitrage tr\u00e8s controvers\u00e9..!<br \/>\nUn v\u00e9ritable d\u00e9clic ! D\u00e9\u00e7u par le bronze Europ\u00e9en il se promet de faire mieux. Les ann\u00e9es passent et il ne cesse d&rsquo;accumuler les titres et les victoires.<br \/>\nEn 1992 Mikael Meloul remporte son premier titre Europ\u00e9en chez les seniors \u00e0 Valence (Espagne), il a 19 ans et marque l\u2019histoire du Fran\u00e7ais chez les mi-lourds.<br \/>\nTr\u00e8s vite Mikael devient le leader incontest\u00e9 de sa g\u00e9n\u00e9ration, il remporte successivement les internationaux de France, l\u2019open d\u2019Espagne, l\u2019open du Luxembourg\u2026et cumule les titres de champion de France.<br \/>\n1993 une Ann\u00e9e magique et un chiffre 20\u2026 : Il part effectuer son service militaire au c\u00e9l\u00e8bre bataillon de Joinville (Ecole Interarm\u00e9es des Sports). Les autorit\u00e9s militaires lui facilitent son emploi du temps et le 20 Ao\u00fbt 1993 Il devient Champion du Monde au \u00ab Madison Square Garden \u00bb. De New York dans le temple des sports de combats. Le Premier Champion du Monde Fran\u00e7ais de l\u2019histoire, le plus jeune de l\u2019histoire mais surtout le premier \u00e0 remporter le sacre mondial \u00e0 20 ans tout juste dans une cat\u00e9gorie o\u00f9 l\u2019h\u00e9g\u00e9monie cor\u00e9enne \u00e9tait sans partage depuis l\u2019existence du Mondial, c&rsquo;est-\u00e0-dire depuis\u2026 20 ans !<br \/>\nD\u00e8s son retour des Etats-Unis, Mikael Meloul accompagnera le Pr\u00e9sident de la R\u00e9publique Fran\u00e7ois Mitterrand lors d\u2019un voyage officiel en Cor\u00e9e du Sud en tant qu\u2019ambassadeur du sport Fran\u00e7ais. Quelques mois plus tard, le Pr\u00e9sident de la R\u00e9publique en personne l\u2019\u00e9l\u00e8vera au rang de Chevalier dans l&rsquo;Ordre National du M\u00e9rite, une distinction qui couronne l\u2019ensemble des ses exploits sportifs \u00e0 travers le monde mais aussi les excellents services rendus \u00e0 la cause de la jeunesse.<br \/>\nCombattant ph\u00e9nom\u00e9nal, les superlatifs manquent pour qualifier le talent Mikael MELOUL qui endosse facilement le r\u00f4le d\u2019attraction m\u00e9diatique et sportive lors des diff\u00e9rents rendez vous nationaux et internationaux et lors de nombreuse \u00e9missions t\u00e9l\u00e9vis\u00e9es<br \/>\n1994 dur \u00e0 avaler mais beau joueur ! Lors de championnats d\u2019Europe \u00e0 Zagreb Mikael retrouve une fois de plus la finale Europ\u00e9enne et se voit priv\u00e9 de la premi\u00e8re place sur une d\u00e9cision arbitral pour le moins douteuse\u2026Mais le guerrier serre les m\u00e2choires et accepte le verdict.<br \/>\n1995 Mikael Meloul se place 3eme aux championnats du Monde \u00e0 Manille(Philippine) Malgr\u00e9 une pr\u00e9paration contrari\u00e9e par des blessures \u00e0 r\u00e9p\u00e9titions.<br \/>\nNovembre 1996 un juste retour ! Championnats d\u2019Europe \u00e0 Helsinki (Finlande), Mikael renouvelle l&rsquo;exploit en remportant pour la seconde fois le titre de Champion d\u2019Europe et de quelle mani\u00e8re ! (priv\u00e9 du titre en 1994).<br \/>\nEn 1997 Mikael d\u00e9croche une superbe m\u00e9daille d\u2019Argent lors de la Coupe du Monde \u00e0 Rio de Janeiro (Br\u00e9sil) confirmant sa position parmi les meilleurs combattants de la Plan\u00e8te.<br \/>\nNovembre 1998 le ciel s\u2019assombrit. Victime d\u2019un accident lors de la coupe de France (fracture tibias, p\u00e9ron\u00e9) Mikael se voit \u00e9cart\u00e9 des tatamis et condamn\u00e9 par ses pairs \u00e0 l\u2019arr\u00eat pr\u00e9matur\u00e9 de sa carri\u00e8re. Six mois plus tard apr\u00e8s une r\u00e9\u00e9ducation acharn\u00e9e et dot\u00e9 d\u2019une volont\u00e9 hors-norme, Mikael retrouve l\u2019ar\u00e8ne et remporte la Coupe internationale de Var\u00e8se (Italie). Le revoil\u00e0 en course pour les Jeux olympique de Sydney 2000, il devient s\u00e9lectionnable.<br \/>\nAvril 2001, \u00e0 Lyon au stade Gerland, Mikael remporte son 10eme titre de champion de France marquant ainsi plus d\u2019une d\u00e9cennie de r\u00e8gne sans partage. C\u2019est alors qu\u2019il d\u00e9cide de mettre fin \u00e0 sa carri\u00e8re sportive pour se consacrer pleinement \u00e0 ses \u00e9coles de Taekwondo. Et l\u2019histoire continue\u2026.<br \/>\n2002 , 2004 et 2006 les plus belles victoires :<br \/>\nMikael \u00e9pouse Laurence \u00e0 Nice, la naissance de ses enfants, son fils Dan et de sa fille Eva<br \/>\nActuellement, en qualit\u00e9 d&rsquo;expert mondial de Taekwondo, Mikael MELOUL ce passionne et partage son temps \u00e0 enseigner le taekwondo de comp\u00e9tition et la self d\u00e9fense \u00e0 travers le monde et s&rsquo;investit aupr\u00e8s de la jeunesse.<\/p>\n","protected":false},"excerpt":{"rendered":"<p>BIOGRAPHIE Le 2 avril 1973, sur les bords de la grande bleue Mikael Meloul voit le jour \u00e0 Nice. Dans la premi\u00e8re partie de son enfance, c\u2019est un gar\u00e7on plein de vie, parfois turbulent\u2026 Son p\u00e8re le dirige vers un art martial Japonais \u00e0 l\u2019\u00e2ge de 6 ans. Avec le go\u00fbt du combat et de [&#8230;]\n","protected":false},"author":1,"featured_media":0,"parent":15,"menu_order":1,"comment_status":"closed","ping_status":"closed","template":"sidebar-content-page.php","meta":{"footnotes":""},"class_list":["post-178","page","type-page","status-publish","hentry"],"_links":{"self":[{"href":"http:\/\/taekwondoazursport.com\/index.php?rest_route=\/wp\/v2\/pages\/178","targetHints":{"allow":["GET"]}}],"collection":[{"href":"http:\/\/taekwondoazursport.com\/index.php?rest_route=\/wp\/v2\/pages"}],"about":[{"href":"http:\/\/taekwondoazursport.com\/index.php?rest_route=\/wp\/v2\/types\/page"}],"author":[{"embeddable":true,"href":"http:\/\/taekwondoazursport.com\/index.php?rest_route=\/wp\/v2\/users\/1"}],"replies":[{"embeddable":true,"href":"http:\/\/taekwondoazursport.com\/index.php?rest_route=%2Fwp%2Fv2%2Fcomments&post=178"}],"version-history":[{"count":3,"href":"http:\/\/taekwondoazursport.com\/index.php?rest_route=\/wp\/v2\/pages\/178\/revisions"}],"predecessor-version":[{"id":182,"href":"http:\/\/taekwondoazursport.com\/index.php?rest_route=\/wp\/v2\/pages\/178\/revisions\/182"}],"up":[{"embeddable":true,"href":"http:\/\/taekwondoazursport.com\/index.php?rest_route=\/wp\/v2\/pages\/15"}],"wp:attachment":[{"href":"http:\/\/taekwondoazursport.com\/index.php?rest_route=%2Fwp%2Fv2%2Fmedia&parent=178"}],"curies":[{"name":"wp","href":"https:\/\/api.w.org\/{rel}","templated":true}]}}