{"id":459,"date":"2018-08-23T13:22:47","date_gmt":"2018-08-23T12:22:47","guid":{"rendered":"http:\/\/taekwondoazursport.com\/?page_id=459"},"modified":"2022-08-17T19:22:28","modified_gmt":"2022-08-17T18:22:28","slug":"frederic-herter","status":"publish","type":"page","link":"http:\/\/taekwondoazursport.com\/?page_id=459","title":{"rendered":"Fr\u00e9d\u00e9ric HERTER"},"content":{"rendered":"\n<figure id=\"attachment_445\" aria-describedby=\"caption-attachment-445\" style=\"width: 466px\" class=\"wp-caption alignnone\"><a href=\"http:\/\/taekwondoazursport.com\/wp-content\/uploads\/2018\/08\/DSC_0011.jpg\"><img loading=\"lazy\" decoding=\"async\" class=\" wp-image-445\" src=\"http:\/\/taekwondoazursport.com\/wp-content\/uploads\/2018\/08\/DSC_0011-300x200.jpg\" alt=\"\" width=\"466\" height=\"310\" srcset=\"http:\/\/taekwondoazursport.com\/wp-content\/uploads\/2018\/08\/DSC_0011-300x200.jpg 300w, http:\/\/taekwondoazursport.com\/wp-content\/uploads\/2018\/08\/DSC_0011-768x512.jpg 768w, http:\/\/taekwondoazursport.com\/wp-content\/uploads\/2018\/08\/DSC_0011-1024x683.jpg 1024w\" sizes=\"auto, (max-width: 466px) 100vw, 466px\" \/><\/a><figcaption id=\"caption-attachment-445\" class=\"wp-caption-text\">Fr\u00e9d\u00e9ric HERTER<\/figcaption><\/figure>\n<p>\u00a0<\/p>\n<p>Fr\u00e9d\u00e9ric HERTER naquit \u00e0 NICE le 4 octobre 1978, est dirigeant de soci\u00e9t\u00e9s, mari\u00e9 et p\u00e8re de deux enfants\u00a0 .<\/p>\n<p>Ceinture Noire Troisi\u00e8me DAN FFTDA &#8211; \u00a0D.I.F &#8211; ( Dipl\u00f4me d&rsquo;instructeur F\u00e9d\u00e9ral ) &#8211; Coach certifi\u00e9 international ( WTF ) &#8211; pratique le TAEKWONDO depuis 1996 et est l&rsquo;un des premiers \u00e9l\u00e8ves du TAEKWONDO AZUR SPORT et de Mika\u00ebl MELOUL .<\/p>\n<p><a href=\"http:\/\/taekwondoazursport.com\/wp-content\/uploads\/2019\/08\/IMG_2773.jpg\"><img loading=\"lazy\" decoding=\"async\" class=\"alignnone wp-image-570\" src=\"http:\/\/taekwondoazursport.com\/wp-content\/uploads\/2019\/08\/IMG_2773-247x300.jpg\" alt=\"\" width=\"272\" height=\"330\" srcset=\"http:\/\/taekwondoazursport.com\/wp-content\/uploads\/2019\/08\/IMG_2773-247x300.jpg 247w, http:\/\/taekwondoazursport.com\/wp-content\/uploads\/2019\/08\/IMG_2773-768x934.jpg 768w, http:\/\/taekwondoazursport.com\/wp-content\/uploads\/2019\/08\/IMG_2773-842x1024.jpg 842w, http:\/\/taekwondoazursport.com\/wp-content\/uploads\/2019\/08\/IMG_2773.jpg 1511w\" sizes=\"auto, (max-width: 272px) 100vw, 272px\" \/><\/a><a href=\"http:\/\/taekwondoazursport.com\/wp-content\/uploads\/2019\/08\/IMG_2768.jpg\"><img loading=\"lazy\" decoding=\"async\" class=\"alignnone wp-image-572\" src=\"http:\/\/taekwondoazursport.com\/wp-content\/uploads\/2019\/08\/IMG_2768-208x300.jpg\" alt=\"\" width=\"228\" height=\"329\" srcset=\"http:\/\/taekwondoazursport.com\/wp-content\/uploads\/2019\/08\/IMG_2768-208x300.jpg 208w, http:\/\/taekwondoazursport.com\/wp-content\/uploads\/2019\/08\/IMG_2768-768x1107.jpg 768w, http:\/\/taekwondoazursport.com\/wp-content\/uploads\/2019\/08\/IMG_2768-711x1024.jpg 711w, http:\/\/taekwondoazursport.com\/wp-content\/uploads\/2019\/08\/IMG_2768.jpg 1392w\" sizes=\"auto, (max-width: 228px) 100vw, 228px\" \/><\/a><a href=\"http:\/\/taekwondoazursport.com\/wp-content\/uploads\/2019\/08\/IMG_2769.jpg\"><img loading=\"lazy\" decoding=\"async\" class=\"alignnone wp-image-571\" src=\"http:\/\/taekwondoazursport.com\/wp-content\/uploads\/2019\/08\/IMG_2769-292x300.jpg\" alt=\"\" width=\"319\" height=\"328\" srcset=\"http:\/\/taekwondoazursport.com\/wp-content\/uploads\/2019\/08\/IMG_2769-292x300.jpg 292w, http:\/\/taekwondoazursport.com\/wp-content\/uploads\/2019\/08\/IMG_2769-768x789.jpg 768w, http:\/\/taekwondoazursport.com\/wp-content\/uploads\/2019\/08\/IMG_2769-996x1024.jpg 996w, http:\/\/taekwondoazursport.com\/wp-content\/uploads\/2019\/08\/IMG_2769.jpg 1766w\" sizes=\"auto, (max-width: 319px) 100vw, 319px\" \/><\/a><a href=\"http:\/\/taekwondoazursport.com\/?attachment_id=1121\" rel=\"attachment wp-att-1121\"><img loading=\"lazy\" decoding=\"async\" class=\"alignnone size-medium wp-image-1121\" src=\"http:\/\/taekwondoazursport.com\/wp-content\/uploads\/2019\/09\/Capture-d\u2019\u00e9cran-2018-01-12-\u00e0-14.39.00-300x192.png\" alt=\"\" width=\"300\" height=\"192\" srcset=\"http:\/\/taekwondoazursport.com\/wp-content\/uploads\/2019\/09\/Capture-d\u2019\u00e9cran-2018-01-12-\u00e0-14.39.00-300x192.png 300w, http:\/\/taekwondoazursport.com\/wp-content\/uploads\/2019\/09\/Capture-d\u2019\u00e9cran-2018-01-12-\u00e0-14.39.00-768x493.png 768w, http:\/\/taekwondoazursport.com\/wp-content\/uploads\/2019\/09\/Capture-d\u2019\u00e9cran-2018-01-12-\u00e0-14.39.00-1024x657.png 1024w, http:\/\/taekwondoazursport.com\/wp-content\/uploads\/2019\/09\/Capture-d\u2019\u00e9cran-2018-01-12-\u00e0-14.39.00.png 1286w\" sizes=\"auto, (max-width: 300px) 100vw, 300px\" \/><\/a><\/p>\n<p>Le 30 avril 2017 , il remporte le titre de Champion de FRANCE Combat FFST\u00a0 dans la cat\u00e9gorie\u00a0 V\u00e9t\u00e9ran 2 &#8211; de 80 Kg<\/p>\n<p>le 15 avril 2019 , il remporte son deuxi\u00e8me titre de champion de FRANCE combat FFST dans la cat\u00e9gorie v\u00e9t\u00e9ran 3 &#8211; de 80 Kg<\/p>\n<p>\u00a0<\/p>\n\n","protected":false},"excerpt":{"rendered":"<p>\u00a0 Fr\u00e9d\u00e9ric HERTER naquit \u00e0 NICE le 4 octobre 1978, est dirigeant de soci\u00e9t\u00e9s, mari\u00e9 et p\u00e8re de deux enfants\u00a0 . Ceinture Noire Troisi\u00e8me DAN FFTDA &#8211; \u00a0D.I.F &#8211; ( Dipl\u00f4me d&rsquo;instructeur F\u00e9d\u00e9ral ) &#8211; Coach certifi\u00e9 international ( WTF ) &#8211; pratique le TAEKWONDO depuis 1996 et est l&rsquo;un des premiers \u00e9l\u00e8ves du TAEKWONDO [&#8230;]\n","protected":false},"author":1,"featured_media":0,"parent":15,"menu_order":0,"comment_status":"closed","ping_status":"closed","template":"","meta":{"footnotes":""},"class_list":["post-459","page","type-page","status-publish","hentry"],"_links":{"self":[{"href":"http:\/\/taekwondoazursport.com\/index.php?rest_route=\/wp\/v2\/pages\/459","targetHints":{"allow":["GET"]}}],"collection":[{"href":"http:\/\/taekwondoazursport.com\/index.php?rest_route=\/wp\/v2\/pages"}],"about":[{"href":"http:\/\/taekwondoazursport.com\/index.php?rest_route=\/wp\/v2\/types\/page"}],"author":[{"embeddable":true,"href":"http:\/\/taekwondoazursport.com\/index.php?rest_route=\/wp\/v2\/users\/1"}],"replies":[{"embeddable":true,"href":"http:\/\/taekwondoazursport.com\/index.php?rest_route=%2Fwp%2Fv2%2Fcomments&post=459"}],"version-history":[{"count":9,"href":"http:\/\/taekwondoazursport.com\/index.php?rest_route=\/wp\/v2\/pages\/459\/revisions"}],"predecessor-version":[{"id":1556,"href":"http:\/\/taekwondoazursport.com\/index.php?rest_route=\/wp\/v2\/pages\/459\/revisions\/1556"}],"up":[{"embeddable":true,"href":"http:\/\/taekwondoazursport.com\/index.php?rest_route=\/wp\/v2\/pages\/15"}],"wp:attachment":[{"href":"http:\/\/taekwondoazursport.com\/index.php?rest_route=%2Fwp%2Fv2%2Fmedia&parent=459"}],"curies":[{"name":"wp","href":"https:\/\/api.w.org\/{rel}","templated":true}]}}